{"id":8579,"date":"2007-02-28T11:35:29","date_gmt":"2007-02-28T09:35:29","guid":{"rendered":"https:\/\/trinome.be\/?post_type=portfolio&#038;p=8579"},"modified":"2020-09-24T13:16:50","modified_gmt":"2020-09-24T11:16:50","slug":"foire-du-livre-de-bruxelles-2007","status":"publish","type":"portfolio","link":"https:\/\/trinome.be\/fr\/portfolio\/portfolio-item\/foire-du-livre-de-bruxelles-2007\/","title":{"rendered":"Foire du Livre de Bruxelles &#8211; 2007"},"content":{"rendered":"<div id='av_section_1'  class='avia-section av-h1350x-0a785b6efc1ab2f63db06245a9b0bd88 main_color avia-section-default avia-no-border-styling  avia-builder-el-0  avia-builder-el-no-sibling  avia-bg-style-scroll container_wrap fullsize'  ><div class='container av-section-cont-open' ><main  role=\"main\" itemprop=\"mainContentOfPage\"  class='template-page content  av-content-full alpha units'><div class='post-entry post-entry-type-page post-entry-8579'><div class='entry-content-wrapper clearfix'>\n\n<style type=\"text\/css\" data-created_by=\"avia_inline_auto\" id=\"style-css-av-fheoj5-776cd22c89da9f34879a7183b12e16bc\">\n#top .flex_column.av-fheoj5-776cd22c89da9f34879a7183b12e16bc{\nmargin-top:0px;\nmargin-bottom:30px;\n}\n.flex_column.av-fheoj5-776cd22c89da9f34879a7183b12e16bc{\nborder-radius:0px 0px 0px 0px;\npadding:0px 0px 0px 0px;\n}\n.responsive #top #wrap_all .flex_column.av-fheoj5-776cd22c89da9f34879a7183b12e16bc{\nmargin-top:0px;\nmargin-bottom:30px;\n}\n<\/style>\n<div  class='flex_column av-fheoj5-776cd22c89da9f34879a7183b12e16bc av_one_full  avia-builder-el-1  el_before_av_one_half  avia-builder-el-first  first flex_column_div av-zero-column-padding  '     ><style type=\"text\/css\" data-created_by=\"avia_inline_auto\" id=\"style-css-av-kewm721b-220d2cb01149d85f388a414b60c7f8cf\">\n#top .av-special-heading.av-kewm721b-220d2cb01149d85f388a414b60c7f8cf{\npadding-bottom:8px;\ncolor:#5a293e;\nfont-size:21px;\n}\nbody .av-special-heading.av-kewm721b-220d2cb01149d85f388a414b60c7f8cf .av-special-heading-tag .heading-char{\nfont-size:25px;\n}\n#top #wrap_all .av-special-heading.av-kewm721b-220d2cb01149d85f388a414b60c7f8cf .av-special-heading-tag{\nfont-size:21px;\n}\n.av-special-heading.av-kewm721b-220d2cb01149d85f388a414b60c7f8cf .special-heading-inner-border{\nborder-color:#5a293e;\n}\n.av-special-heading.av-kewm721b-220d2cb01149d85f388a414b60c7f8cf .av-subheading{\nfont-size:12px;\n}\n\n@media only screen and (min-width: 480px) and (max-width: 767px){ \n#top #wrap_all .av-special-heading.av-kewm721b-220d2cb01149d85f388a414b60c7f8cf .av-special-heading-tag{\nfont-size:0.8em;\n}\n}\n\n@media only screen and (max-width: 479px){ \n#top #wrap_all .av-special-heading.av-kewm721b-220d2cb01149d85f388a414b60c7f8cf .av-special-heading-tag{\nfont-size:0.8em;\n}\n}\n<\/style>\n<div  class='av-special-heading av-kewm721b-220d2cb01149d85f388a414b60c7f8cf av-special-heading-h1 custom-color-heading blockquote modern-quote  avia-builder-el-2  avia-builder-el-no-sibling  av-inherit-size'><h1 class='av-special-heading-tag '  itemprop=\"headline\"  >Foire du Livre de Bruxelles \/ Branding<\/h1><div class=\"special-heading-border\"><div class=\"special-heading-inner-border\"><\/div><\/div><\/div><\/div><div class='flex_column_table av-18p181-e50dd404525d1005d4ad69e61def9cd7 sc-av_one_half av-equal-height-column-flextable'>\n<style type=\"text\/css\" data-created_by=\"avia_inline_auto\" id=\"style-css-av-18p181-e50dd404525d1005d4ad69e61def9cd7\">\n#top .flex_column_table.av-equal-height-column-flextable.av-18p181-e50dd404525d1005d4ad69e61def9cd7{\nmargin-top:30px;\nmargin-bottom:30px;\n}\n.flex_column.av-18p181-e50dd404525d1005d4ad69e61def9cd7{\nborder-radius:0px 0px 0px 0px;\npadding:20px 20px 20px 20px;\nbackground-color:#eef7f7;\n}\n<\/style>\n<div  class='flex_column av-18p181-e50dd404525d1005d4ad69e61def9cd7 av_one_half  avia-builder-el-3  el_after_av_one_full  el_before_av_one_half  first no_margin flex_column_table_cell av-equal-height-column av-align-top  column-top-margin'     ><style type=\"text\/css\" data-created_by=\"avia_inline_auto\" id=\"style-css-av-aciim9-abb871476caf19174b3958b160c65082\">\n#top .av_textblock_section.av-aciim9-abb871476caf19174b3958b160c65082 .avia_textblock{\ncolor:#5a293e;\n}\n<\/style>\n<section  class='av_textblock_section av-aciim9-abb871476caf19174b3958b160c65082 '   itemscope=\"itemscope\" itemtype=\"https:\/\/schema.org\/CreativeWork\" ><div class='avia_textblock av_inherit_color'  itemprop=\"text\" ><p><strong>Foire du Livre de Bruxelles<\/strong><br \/>\nBranding<\/p>\n<p>2007<\/p>\n<p>Branding complet \/ Logo design \/ D\u00e9clinaisons \/ Publications \/ Affiche \/ Invitations \/ Annonces \/ Papeterie \/ Tickets \/ Badges \/ Autocollants \/ Displays \/ Suivi de production<\/p>\n<\/div><\/section><\/div>\n<style type=\"text\/css\" data-created_by=\"avia_inline_auto\" id=\"style-css-av-8t5msh-e5c8700045a58893310f3d6132379b8a\">\n#top .flex_column_table.av-equal-height-column-flextable.av-8t5msh-e5c8700045a58893310f3d6132379b8a{\nmargin-top:30px;\nmargin-bottom:30px;\n}\n.flex_column.av-8t5msh-e5c8700045a58893310f3d6132379b8a{\nborder-radius:0px 0px 0px 0px;\npadding:20px 20px 20px 20px;\nbackground-color:#eef7f7;\n}\n<\/style>\n<div  class='flex_column av-8t5msh-e5c8700045a58893310f3d6132379b8a av_one_half  avia-builder-el-5  el_after_av_one_half  el_before_av_one_full  no_margin flex_column_table_cell av-equal-height-column av-align-top  column-top-margin'     ><style type=\"text\/css\" data-created_by=\"avia_inline_auto\" id=\"style-css-av-7zjj5t-19a68b5025f83aaaea7546f3aed8b051\">\n#top .av_textblock_section.av-7zjj5t-19a68b5025f83aaaea7546f3aed8b051 .avia_textblock{\ncolor:#5a293e;\n}\n<\/style>\n<section  class='av_textblock_section av-7zjj5t-19a68b5025f83aaaea7546f3aed8b051 '   itemscope=\"itemscope\" itemtype=\"https:\/\/schema.org\/CreativeWork\" ><div class='avia_textblock av_inherit_color'  itemprop=\"text\" ><p>Parmi les projets soumis par plusieurs studios graphiques, c\u2019est finalement un logo de Trin\u00f4me qui a \u00e9t\u00e9 adopt\u00e9 par l\u2019asbl\u00a0Foire du Livre de Bruxelles. Nous avons eu la joie d\u2019\u00e9tudier leur branding complet et d\u00e9cliner\u00a0ainsi\u00a0le logo sur\u00a0une multitude de supports imprim\u00e9s et sur leur site web. Cr\u00e9\u00e9 en 2007, le logo est toujours utilis\u00e9 actuellement, dans sa configuration verticale ou horizontale.<\/p>\n<\/div><\/section><\/div><\/div><!--close column table wrapper. Autoclose: 1 -->\n<style type=\"text\/css\" data-created_by=\"avia_inline_auto\" id=\"style-css-av-6fl00h-5df9cc187863814ffe218604fb015b75\">\n#top .flex_column.av-6fl00h-5df9cc187863814ffe218604fb015b75{\nmargin-top:30px;\nmargin-bottom:30px;\n}\n.flex_column.av-6fl00h-5df9cc187863814ffe218604fb015b75{\nborder-radius:0px 0px 0px 0px;\npadding:0px 0px 0px 0px;\n}\n.responsive #top #wrap_all .flex_column.av-6fl00h-5df9cc187863814ffe218604fb015b75{\nmargin-top:30px;\nmargin-bottom:30px;\n}\n<\/style>\n<div  class='flex_column av-6fl00h-5df9cc187863814ffe218604fb015b75 av_one_full  avia-builder-el-7  el_after_av_one_half  el_before_av_one_full  first flex_column_div av-zero-column-padding  column-top-margin'     ><style type=\"text\/css\" data-created_by=\"avia_inline_auto\" id=\"style-css-av-3w8odt-49e27f5926897d030760ab39dc4f2a35\">\n.avia-image-container.av-3w8odt-49e27f5926897d030760ab39dc4f2a35 img.avia_image{\nbox-shadow:none;\n}\n.avia-image-container.av-3w8odt-49e27f5926897d030760ab39dc4f2a35 .av-image-caption-overlay-center{\ncolor:#ffffff;\n}\n<\/style>\n<div  class='avia-image-container av-3w8odt-49e27f5926897d030760ab39dc4f2a35 av-styling-no-styling avia-align-center  avia-builder-el-8  avia-builder-el-no-sibling '   itemprop=\"image\" itemscope=\"itemscope\" itemtype=\"https:\/\/schema.org\/ImageObject\" ><div class=\"avia-image-container-inner\"><div class=\"avia-image-overlay-wrap\"><img decoding=\"async\" fetchpriority=\"high\" class='wp-image-8581 avia-img-lazy-loading-not-8581 avia_image ' src=\"https:\/\/trinome.be\/wp-content\/uploads\/2020\/09\/FDL_Branding.jpg\" alt='' title='FDL_Branding'  height=\"1591\" width=\"2500\"  itemprop=\"thumbnailUrl\" srcset=\"https:\/\/trinome.be\/wp-content\/uploads\/2020\/09\/FDL_Branding.jpg 2500w, https:\/\/trinome.be\/wp-content\/uploads\/2020\/09\/FDL_Branding-300x191.jpg 300w, https:\/\/trinome.be\/wp-content\/uploads\/2020\/09\/FDL_Branding-768x489.jpg 768w, https:\/\/trinome.be\/wp-content\/uploads\/2020\/09\/FDL_Branding-1030x655.jpg 1030w, https:\/\/trinome.be\/wp-content\/uploads\/2020\/09\/FDL_Branding-1500x955.jpg 1500w, https:\/\/trinome.be\/wp-content\/uploads\/2020\/09\/FDL_Branding-705x449.jpg 705w, https:\/\/trinome.be\/wp-content\/uploads\/2020\/09\/FDL_Branding-450x286.jpg 450w\" sizes=\"(max-width: 2500px) 100vw, 2500px\" \/><\/div><\/div><\/div><\/div>\n<style type=\"text\/css\" data-created_by=\"avia_inline_auto\" id=\"style-css-av-3afkht-2e8f52eeda2a0e3b101f55c142b34d06\">\n#top .flex_column.av-3afkht-2e8f52eeda2a0e3b101f55c142b34d06{\nmargin-top:0px;\nmargin-bottom:0px;\n}\n.flex_column.av-3afkht-2e8f52eeda2a0e3b101f55c142b34d06{\nborder-radius:0px 0px 0px 0px;\npadding:0px 0px 0px 0px;\n}\n.responsive #top #wrap_all .flex_column.av-3afkht-2e8f52eeda2a0e3b101f55c142b34d06{\nmargin-top:0px;\nmargin-bottom:0px;\n}\n<\/style>\n<div  class='flex_column av-3afkht-2e8f52eeda2a0e3b101f55c142b34d06 av_one_full  avia-builder-el-9  el_after_av_one_full  avia-builder-el-last  first no_margin flex_column_div av-zero-column-padding  column-top-margin'     ><div id='av-masonry-1' class='av-masonry av-jl555r2f-0e8ea29b919cea51d66a0fcd80cc9053 noHover av-fixed-size av-no-gap av-hover-overlay- av-masonry-animation-active av-masonry-col-3 av-caption-always av-caption-style- av-masonry-gallery ' data-post_id=\"8579\"><div class=\"av-masonry-container isotope av-js-disabled\"><div class='av-masonry-entry isotope-item av-masonry-item-no-image '><\/div><a href=\"https:\/\/trinome.be\/wp-content\/uploads\/2020\/09\/FDL_logo-1030x988.jpg\" data-srcset=\"https:\/\/trinome.be\/wp-content\/uploads\/2020\/09\/FDL_logo-1030x988.jpg 1030w, https:\/\/trinome.be\/wp-content\/uploads\/2020\/09\/FDL_logo-300x288.jpg 300w, https:\/\/trinome.be\/wp-content\/uploads\/2020\/09\/FDL_logo-768x737.jpg 768w, https:\/\/trinome.be\/wp-content\/uploads\/2020\/09\/FDL_logo-36x36.jpg 36w, https:\/\/trinome.be\/wp-content\/uploads\/2020\/09\/FDL_logo-705x676.jpg 705w, https:\/\/trinome.be\/wp-content\/uploads\/2020\/09\/FDL_logo-450x432.jpg 450w, https:\/\/trinome.be\/wp-content\/uploads\/2020\/09\/FDL_logo.jpg 1200w\" data-sizes=\"(max-width: 1030px) 100vw, 1030px\"  aria-label=\"image Foire du Livre \/\/ Logo\"  id='av-masonry-1-item-8592' data-av-masonry-item='8592' class='av-masonry-entry isotope-item post-8592 attachment type-attachment status-inherit hentry  av-masonry-item-with-image av-grid-img' title=\"Foire du Livre \/\/ Logo\" alt=\"Foire du Livre \/\/ Logo\"    itemprop=\"thumbnailUrl\" ><div class='av-inner-masonry-sizer'><\/div><figure class='av-inner-masonry main_color'><div class=\"av-masonry-outerimage-container\"><div class='av-masonry-image-container' style=\"background-image: url(https:\/\/trinome.be\/wp-content\/uploads\/2020\/09\/FDL_logo-705x676.jpg);\"  title=\"Foire du Livre \/\/ Logo\" ><\/div><\/div><\/figure><\/a><!--end av-masonry entry--><a href=\"https:\/\/trinome.be\/wp-content\/uploads\/2020\/09\/FDL_invitation-2.jpg\" data-srcset=\"https:\/\/trinome.be\/wp-content\/uploads\/2020\/09\/FDL_invitation-2.jpg 549w, https:\/\/trinome.be\/wp-content\/uploads\/2020\/09\/FDL_invitation-2-225x300.jpg 225w, https:\/\/trinome.be\/wp-content\/uploads\/2020\/09\/FDL_invitation-2-528x705.jpg 528w, https:\/\/trinome.be\/wp-content\/uploads\/2020\/09\/FDL_invitation-2-450x601.jpg 450w\" data-sizes=\"(max-width: 549px) 100vw, 549px\"  aria-label=\"image Foire du Livre \/\/ Invitation &#8211; format portrait\"  id='av-masonry-1-item-8588' data-av-masonry-item='8588' class='av-masonry-entry isotope-item post-8588 attachment type-attachment status-inherit hentry  av-masonry-item-with-image av-grid-img' title=\"Foire du Livre \/\/ Invitation &#8211; format portrait\" alt=\"Foire du Livre \/\/ Invitation - format portrait\"    itemprop=\"thumbnailUrl\" ><div class='av-inner-masonry-sizer'><\/div><figure class='av-inner-masonry main_color'><div class=\"av-masonry-outerimage-container\"><div class='av-masonry-image-container' style=\"background-image: url(https:\/\/trinome.be\/wp-content\/uploads\/2020\/09\/FDL_invitation-2-528x705.jpg);\"  title=\"Foire du Livre \/\/ Invitation &#8211; format portrait\" ><\/div><\/div><\/figure><\/a><!--end av-masonry entry--><a href=\"https:\/\/trinome.be\/wp-content\/uploads\/2020\/09\/FDL_invitation.jpg\" data-srcset=\"https:\/\/trinome.be\/wp-content\/uploads\/2020\/09\/FDL_invitation.jpg 821w, https:\/\/trinome.be\/wp-content\/uploads\/2020\/09\/FDL_invitation-300x205.jpg 300w, https:\/\/trinome.be\/wp-content\/uploads\/2020\/09\/FDL_invitation-768x526.jpg 768w, https:\/\/trinome.be\/wp-content\/uploads\/2020\/09\/FDL_invitation-705x483.jpg 705w, https:\/\/trinome.be\/wp-content\/uploads\/2020\/09\/FDL_invitation-450x308.jpg 450w\" data-sizes=\"(max-width: 821px) 100vw, 821px\"  aria-label=\"image Foire du Livre \/\/ Invitation &#8211; format paysage\"  id='av-masonry-1-item-8590' data-av-masonry-item='8590' class='av-masonry-entry isotope-item post-8590 attachment type-attachment status-inherit hentry  av-masonry-item-with-image av-grid-img' title=\"Foire du Livre \/\/ Invitation &#8211; format paysage\" alt=\"Foire du Livre \/\/ Invitation - format paysage\"    itemprop=\"thumbnailUrl\" ><div class='av-inner-masonry-sizer'><\/div><figure class='av-inner-masonry main_color'><div class=\"av-masonry-outerimage-container\"><div class='av-masonry-image-container' style=\"background-image: url(https:\/\/trinome.be\/wp-content\/uploads\/2020\/09\/FDL_invitation-705x483.jpg);\"  title=\"Foire du Livre \/\/ Invitation &#8211; format paysage\" ><\/div><\/div><\/figure><\/a><!--end av-masonry entry--><a href=\"https:\/\/trinome.be\/wp-content\/uploads\/2020\/09\/FDL_communication-1030x842.jpg\" data-srcset=\"https:\/\/trinome.be\/wp-content\/uploads\/2020\/09\/FDL_communication-1030x842.jpg 1030w, https:\/\/trinome.be\/wp-content\/uploads\/2020\/09\/FDL_communication-300x245.jpg 300w, https:\/\/trinome.be\/wp-content\/uploads\/2020\/09\/FDL_communication-768x628.jpg 768w, https:\/\/trinome.be\/wp-content\/uploads\/2020\/09\/FDL_communication-1500x1226.jpg 1500w, https:\/\/trinome.be\/wp-content\/uploads\/2020\/09\/FDL_communication-705x576.jpg 705w, https:\/\/trinome.be\/wp-content\/uploads\/2020\/09\/FDL_communication-450x368.jpg 450w\" data-sizes=\"(max-width: 1030px) 100vw, 1030px\"  aria-label=\"image Foire du Livre \/\/ Supports de communication\"  id='av-masonry-1-item-8586' data-av-masonry-item='8586' class='av-masonry-entry isotope-item post-8586 attachment type-attachment status-inherit hentry  av-masonry-item-with-image av-grid-img' title=\"Foire du Livre \/\/ Supports de communication\" alt=\"Foire du Livre \/\/ Supports de communication\"    itemprop=\"thumbnailUrl\" ><div class='av-inner-masonry-sizer'><\/div><figure class='av-inner-masonry main_color'><div class=\"av-masonry-outerimage-container\"><div class='av-masonry-image-container' style=\"background-image: url(https:\/\/trinome.be\/wp-content\/uploads\/2020\/09\/FDL_communication-705x576.jpg);\"  title=\"Foire du Livre \/\/ Supports de communication\" ><\/div><\/div><\/figure><\/a><!--end av-masonry entry--><a href=\"https:\/\/trinome.be\/wp-content\/uploads\/2020\/09\/FDL_abribus-1030x1030.jpg\" data-srcset=\"https:\/\/trinome.be\/wp-content\/uploads\/2020\/09\/FDL_abribus-1030x1030.jpg 1030w, https:\/\/trinome.be\/wp-content\/uploads\/2020\/09\/FDL_abribus-80x80.jpg 80w, https:\/\/trinome.be\/wp-content\/uploads\/2020\/09\/FDL_abribus-300x300.jpg 300w, https:\/\/trinome.be\/wp-content\/uploads\/2020\/09\/FDL_abribus-768x768.jpg 768w, https:\/\/trinome.be\/wp-content\/uploads\/2020\/09\/FDL_abribus-36x36.jpg 36w, https:\/\/trinome.be\/wp-content\/uploads\/2020\/09\/FDL_abribus-180x180.jpg 180w, https:\/\/trinome.be\/wp-content\/uploads\/2020\/09\/FDL_abribus-705x705.jpg 705w, https:\/\/trinome.be\/wp-content\/uploads\/2020\/09\/FDL_abribus-120x120.jpg 120w, https:\/\/trinome.be\/wp-content\/uploads\/2020\/09\/FDL_abribus-450x450.jpg 450w, https:\/\/trinome.be\/wp-content\/uploads\/2020\/09\/FDL_abribus.jpg 1440w\" data-sizes=\"(max-width: 1030px) 100vw, 1030px\"  aria-label=\"image Foire du Livre \/\/ Abribus\"  id='av-masonry-1-item-8584' data-av-masonry-item='8584' class='av-masonry-entry isotope-item post-8584 attachment type-attachment status-inherit hentry  av-masonry-item-with-image av-grid-img' title=\"Foire du Livre \/\/ Abribus\" alt=\"Foire du Livre \/\/ Abribus\"    itemprop=\"thumbnailUrl\" ><div class='av-inner-masonry-sizer'><\/div><figure class='av-inner-masonry main_color'><div class=\"av-masonry-outerimage-container\"><div class='av-masonry-image-container' style=\"background-image: url(https:\/\/trinome.be\/wp-content\/uploads\/2020\/09\/FDL_abribus-705x705.jpg);\"  title=\"Foire du Livre \/\/ Abribus\" ><\/div><\/div><\/figure><\/a><!--end av-masonry entry--><a href=\"https:\/\/trinome.be\/wp-content\/uploads\/2020\/09\/FDL_website-1030x757.jpg\" data-srcset=\"https:\/\/trinome.be\/wp-content\/uploads\/2020\/09\/FDL_website-1030x757.jpg 1030w, https:\/\/trinome.be\/wp-content\/uploads\/2020\/09\/FDL_website-300x220.jpg 300w, https:\/\/trinome.be\/wp-content\/uploads\/2020\/09\/FDL_website-768x564.jpg 768w, https:\/\/trinome.be\/wp-content\/uploads\/2020\/09\/FDL_website.jpg 1500w, https:\/\/trinome.be\/wp-content\/uploads\/2020\/09\/FDL_website-705x518.jpg 705w, https:\/\/trinome.be\/wp-content\/uploads\/2020\/09\/FDL_website-450x331.jpg 450w\" data-sizes=\"(max-width: 1030px) 100vw, 1030px\"  aria-label=\"image Foire du Livre \/\/ Website\"  id='av-masonry-1-item-8594' data-av-masonry-item='8594' class='av-masonry-entry isotope-item post-8594 attachment type-attachment status-inherit hentry  av-masonry-item-with-image av-grid-img' title=\"Foire du Livre \/\/ Website\" alt=\"\"    itemprop=\"thumbnailUrl\" ><div class='av-inner-masonry-sizer'><\/div><figure class='av-inner-masonry main_color'><div class=\"av-masonry-outerimage-container\"><div class='av-masonry-image-container' style=\"background-image: url(https:\/\/trinome.be\/wp-content\/uploads\/2020\/09\/FDL_website-705x518.jpg);\"  title=\"Foire du Livre \/\/ Website\" ><\/div><\/div><\/figure><\/a><!--end av-masonry entry--><\/div><\/div><\/div>\n","protected":false},"excerpt":{"rendered":"","protected":false},"author":6,"featured_media":8814,"comment_status":"closed","ping_status":"closed","template":"","meta":{"footnotes":""},"tags":[],"portfolio_entries":[34,33,20,22],"class_list":["post-8579","portfolio","type-portfolio","status-publish","has-post-thumbnail","hentry","portfolio_entries-logo","portfolio_entries-print","portfolio_entries-web","portfolio_entries-sign"],"_links":{"self":[{"href":"https:\/\/trinome.be\/fr\/wp-json\/wp\/v2\/portfolio\/8579","targetHints":{"allow":["GET"]}}],"collection":[{"href":"https:\/\/trinome.be\/fr\/wp-json\/wp\/v2\/portfolio"}],"about":[{"href":"https:\/\/trinome.be\/fr\/wp-json\/wp\/v2\/types\/portfolio"}],"author":[{"embeddable":true,"href":"https:\/\/trinome.be\/fr\/wp-json\/wp\/v2\/users\/6"}],"replies":[{"embeddable":true,"href":"https:\/\/trinome.be\/fr\/wp-json\/wp\/v2\/comments?post=8579"}],"version-history":[{"count":0,"href":"https:\/\/trinome.be\/fr\/wp-json\/wp\/v2\/portfolio\/8579\/revisions"}],"wp:featuredmedia":[{"embeddable":true,"href":"https:\/\/trinome.be\/fr\/wp-json\/wp\/v2\/media\/8814"}],"wp:attachment":[{"href":"https:\/\/trinome.be\/fr\/wp-json\/wp\/v2\/media?parent=8579"}],"wp:term":[{"taxonomy":"post_tag","embeddable":true,"href":"https:\/\/trinome.be\/fr\/wp-json\/wp\/v2\/tags?post=8579"},{"taxonomy":"portfolio_entries","embeddable":true,"href":"https:\/\/trinome.be\/fr\/wp-json\/wp\/v2\/portfolio_entries?post=8579"}],"curies":[{"name":"wp","href":"https:\/\/api.w.org\/{rel}","templated":true}]}}